{"id":2116,"date":"2017-07-23T09:44:10","date_gmt":"2017-07-23T14:44:10","guid":{"rendered":"http:\/\/www.hospitaldelrosario.gov.co\/portal\/?page_id=2116"},"modified":"2024-11-07T15:14:09","modified_gmt":"2024-11-07T20:14:09","slug":"nuestro-gerente","status":"publish","type":"page","link":"https:\/\/www.hospitaldelrosario.gov.co\/portal\/laentidad\/nuestro-gerente\/","title":{"rendered":"Conoce a Nuestro Gerente"},"content":{"rendered":"<p><div class=\"fusion-fullwidth fullwidth-box fusion-builder-row-1 fusion-flex-container nonhundred-percent-fullwidth non-hundred-percent-height-scrolling\" style=\"background-color: rgba(255,255,255,0);background-position: center center;background-repeat: no-repeat;border-width: 0px 0px 0px 0px;border-color:#eae9e9;border-style:solid;\" ><div class=\"fusion-builder-row fusion-row fusion-flex-align-items-flex-start\" style=\"max-width:1289.6px;margin-left: calc(-4% \/ 2 );margin-right: calc(-4% \/ 2 );\"><div class=\"fusion-layout-column fusion_builder_column fusion-builder-column-0 fusion_builder_column_1_3 1_3 fusion-flex-column\"><div class=\"fusion-column-wrapper fusion-flex-justify-content-flex-start fusion-content-layout-column\" style=\"background-position:left top;background-repeat:no-repeat;-webkit-background-size:cover;-moz-background-size:cover;-o-background-size:cover;background-size:cover;padding: 0px 0px 0px 0px;\"><div class=\"fusion-person person fusion-person-center fusion-person-1 fusion-person-icon-top\"><div class=\"person-shortcode-image-wrapper\"><div class=\"person-image-container hover-type-none person-rounded-overflow\" style=\"-webkit-border-radius:25px;-moz-border-radius:25px;border-radius:25px;border:0px solid #f5f5f5;-webkit-border-radius:25px;-moz-border-radius:25px;border-radius:25px;\"><img decoding=\"async\" class=\"person-img img-responsive wp-image-8913\" width=\"832\" height=\"853\" src=\"https:\/\/www.hospitaldelrosario.gov.co\/portal\/wp-content\/uploads\/2024\/11\/WhatsApp-Image-2024-11-07-at-12.24.15-PM-e1731010273346.jpeg\" alt=\"Doctor Jos\u00e9 Alexander Moreno C\u00f3rdoba\" srcset=\"https:\/\/www.hospitaldelrosario.gov.co\/portal\/wp-content\/uploads\/2024\/11\/WhatsApp-Image-2024-11-07-at-12.24.15-PM-e1731010273346-200x205.jpeg 200w, https:\/\/www.hospitaldelrosario.gov.co\/portal\/wp-content\/uploads\/2024\/11\/WhatsApp-Image-2024-11-07-at-12.24.15-PM-e1731010273346-400x410.jpeg 400w, https:\/\/www.hospitaldelrosario.gov.co\/portal\/wp-content\/uploads\/2024\/11\/WhatsApp-Image-2024-11-07-at-12.24.15-PM-e1731010273346-600x615.jpeg 600w, https:\/\/www.hospitaldelrosario.gov.co\/portal\/wp-content\/uploads\/2024\/11\/WhatsApp-Image-2024-11-07-at-12.24.15-PM-e1731010273346-800x820.jpeg 800w, https:\/\/www.hospitaldelrosario.gov.co\/portal\/wp-content\/uploads\/2024\/11\/WhatsApp-Image-2024-11-07-at-12.24.15-PM-e1731010273346.jpeg 832w\" sizes=\"(max-width: 640px) 100vw, 400px\" \/><\/div><\/div><div class=\"person-desc\"><div class=\"person-author\"><div class=\"person-author-wrapper\"><span class=\"person-name\">Doctor Jos\u00e9 Alexander Moreno C\u00f3rdoba<\/span><span class=\"person-title\">Gerente General<\/span><\/div><\/div><div class=\"person-content fusion-clearfix\"><\/div><\/div><\/div><style type=\"text\/css\">.fusion-person-1 .boxed-icons .fusion-social-network-icon{border-top-width:0px !important;border-right-width:0px !important;border-bottom-width:0px !important;border-left-width:0px !important;border-color:var(--awb-color3) !important;}.fusion-person-1 .boxed-icons .fusion-social-network-icon:hover{background-color:rgba(232,232,232,0.8) !important;border-color:var(--awb-color4) !important;}.fusion-person-1 .fusion-social-network-icon:hover{color:rgba(190,189,189,0.8) !important;}.fusion-person-1{ margin-top : 0px;margin-right : 0px;margin-bottom : 0px;margin-left : 0px;}<\/style><\/div><style type=\"text\/css\">.fusion-body .fusion-builder-column-0{width:33.333333333333% !important;margin-top : 0px;margin-bottom : 0px;}.fusion-builder-column-0 > .fusion-column-wrapper {padding-top : 0px !important;padding-right : 0px !important;margin-right : 5.76%;padding-bottom : 0px !important;padding-left : 0px !important;margin-left : 5.76%;}@media only screen and (max-width:1024px) {.fusion-body .fusion-builder-column-0{width:33.333333333333% !important;}.fusion-builder-column-0 > .fusion-column-wrapper {margin-right : 5.76%;margin-left : 5.76%;}}@media only screen and (max-width:640px) {.fusion-body .fusion-builder-column-0{width:100% !important;}.fusion-builder-column-0 > .fusion-column-wrapper {margin-right : 1.92%;margin-left : 1.92%;}}<\/style><\/div><div class=\"fusion-layout-column fusion_builder_column fusion-builder-column-1 fusion_builder_column_2_3 2_3 fusion-flex-column\"><div class=\"fusion-column-wrapper fusion-flex-justify-content-flex-start fusion-content-layout-column\" style=\"background-position:left top;background-repeat:no-repeat;-webkit-background-size:cover;-moz-background-size:cover;-o-background-size:cover;background-size:cover;padding: 0px 0px 0px 0px;\">\n<div class=\"table-1\">\n<table style=\"width: 100%;\" width=\"100%\" cellpadding=\"0\">\n<tbody>\n<tr>\n<td style=\"width: 99.47%;\">\n<div>El nuevo Gerente de la E.S.E. Hospital es un profesional de la salud con una amplia trayectoria y experiencia en la gesti\u00f3n hospitalaria.<\/div>\n<\/td>\n<\/tr>\n<tr>\n<td style=\"text-align: justify; width: 99.47%;\" align=\"left\">Su compromiso y dedicaci\u00f3n hacia el mejoramiento de los servicios de salud lo hacen destacar como un l\u00edder capacitado y visionario.<\/td>\n<\/tr>\n<tr>\n<td style=\"text-align: justify; width: 99.47%;\">\n<div>Dentro de su experiencia laboral se encuentra: Gerente, E.S.E Hospital Municipal de Algeciras (2016 \u2013 2022). Gerente, E.S.E Hospital Municipal de Algeciras (2008 \u2013 2011). Gerente, E.S.E Hospital Municipal de Algeciras (1999 \u2013 2006). Gerente, E.S.E Hospital Municipal de Algeciras (1994 \u2013 1997).<\/div>\n<\/td>\n<\/tr>\n<tr>\n<td style=\"text-align: justify; width: 99.47%;\">Durante esta etapa inicial de su carrera, adquiri\u00f3 los fundamentos de la gesti\u00f3n hospitalaria y sent\u00f3 las bases para su \u00e9xito en el campo.<\/td>\n<\/tr>\n<tr>\n<td style=\"text-align: justify; width: 99.47%;\">Sus estudios profesionales son: M\u00e9dico Cirujano (1993) de la Universidad Nacional de Colombia. Especializaci\u00f3n en Gerencia de Servicios de Salud (2007) en la Universidad Cooperativa de Colombia. Diplomado en Gesti\u00f3n de la Calidad y Auditor\u00eda en Salud (2007).<\/td>\n<\/tr>\n<tr>\n<td style=\"text-align: justify; width: 99.47%;\">Con una s\u00f3lida formaci\u00f3n acad\u00e9mica y una vasta experiencia en la gesti\u00f3n hospitalaria, Jos\u00e9 Alexander Moreno C\u00f3rdoba asume el cargo de Gerente de la E.S.E., Hospital del Rosario de Campoalegre con el firme compromiso de trabajar, para garantizar un servicio de salud de calidad y accesible para toda la comunidad.<\/td>\n<\/tr>\n<\/tbody>\n<\/table>\n<\/div>\n<\/div><style type=\"text\/css\">.fusion-body .fusion-builder-column-1{width:66.666666666667% !important;margin-top : 0px;margin-bottom : 0px;}.fusion-builder-column-1 > .fusion-column-wrapper {padding-top : 0px !important;padding-right : 0px !important;margin-right : 2.88%;padding-bottom : 0px !important;padding-left : 0px !important;margin-left : 2.88%;}@media only screen and (max-width:1024px) {.fusion-body .fusion-builder-column-1{width:66.666666666667% !important;}.fusion-builder-column-1 > .fusion-column-wrapper {margin-right : 2.88%;margin-left : 2.88%;}}@media only screen and (max-width:640px) {.fusion-body .fusion-builder-column-1{width:100% !important;}.fusion-builder-column-1 > .fusion-column-wrapper {margin-right : 1.92%;margin-left : 1.92%;}}<\/style><\/div><div class=\"fusion-layout-column fusion_builder_column fusion-builder-column-2 fusion_builder_column_1_1 1_1 fusion-flex-column\"><div class=\"fusion-column-wrapper fusion-flex-justify-content-flex-start fusion-content-layout-column\" style=\"background-position:left top;background-repeat:no-repeat;-webkit-background-size:cover;-moz-background-size:cover;-o-background-size:cover;background-size:cover;padding: 0px 0px 0px 0px;\"><div class=\"fusion-separator fusion-full-width-sep\" style=\"align-self: center;margin-left: auto;margin-right: auto;margin-top:15px;margin-bottom:15px;width:100%;\"><div class=\"fusion-separator-border sep-single\" style=\"border-color:#008c4e;border-top-width:2px;\"><\/div><\/div><style type=\"text\/css\">@media only screen and (max-width:1024px) {.fusion-title.fusion-title-1{margin-top:0px!important; margin-right:0px!important;margin-bottom:10px!important;margin-left:0px!important;}}@media only screen and (max-width:640px) {.fusion-title.fusion-title-1{margin-top:0px!important; margin-right:0px!important;margin-bottom:20px!important; margin-left:0px!important;}}<\/style><div class=\"fusion-title title fusion-title-1 fusion-sep-none fusion-title-text fusion-title-size-one\" style=\"margin-top:0px;margin-right:0px;margin-bottom:10px;margin-left:0px;\"><h1 class=\"title-heading-left fusion-responsive-typography-calculated\" style=\"margin:0;color:#008c4e;--fontSize:26;line-height:1.40;\">Carta de presentaci\u00f3n pagina web del Gerente:<\/h1><\/div><div class=\"fusion-text fusion-text-1\"><table style=\"border-collapse: collapse; width: 100%;\">\n<tbody>\n<tr>\n<td style=\"width: 100%;\">Estimados usuarios,<\/td>\n<\/tr>\n<tr>\n<td style=\"width: 100%;\"><\/td>\n<\/tr>\n<tr>\n<td style=\"width: 100%;\">Es un honor para m\u00ed dar la bienvenida a la p\u00e1gina web del ESE Hospital del Rosario, como Gerente General, mi compromiso es garantizar que nuestra instituci\u00f3n brinde una atenci\u00f3n de calidad y humanizada a todos nuestros pacientes y sus familias.<\/td>\n<\/tr>\n<tr>\n<td style=\"width: 100%;\">En el Hospital del Rosario, creemos que la salud es un derecho fundamental.<\/td>\n<\/tr>\n<tr>\n<td style=\"width: 100%;\">Nuestro equipo est\u00e1 dedicado a ofrecer servicios m\u00e9dicos integrales, apoyados por tecnolog\u00eda \u00a0y un enfoque en la prevenci\u00f3n y el bienestar.<\/td>\n<\/tr>\n<tr>\n<td style=\"width: 100%;\">Estamos constantemente trabajando para mejorar nuestros procesos y servicios, promoviendo la transparencia y la comunicaci\u00f3n efectiva.<\/td>\n<\/tr>\n<tr>\n<td style=\"width: 100%;\">Los invito a explorar nuestra p\u00e1gina web, donde encontrar\u00e1n informaci\u00f3n relevante sobre nuestros servicios, programas de salud, y recursos que pueden ser de utilidad.<\/td>\n<\/tr>\n<tr>\n<td style=\"width: 100%;\">Agradezco su confianza en nosotros y los animo a que se comuniquen con nosotros para cualquier consulta o sugerencia.<\/td>\n<\/tr>\n<tr>\n<td style=\"width: 100%;\">Juntos, podemos construir un futuro m\u00e1s saludable para nuestra comunidad.<\/td>\n<\/tr>\n<tr>\n<td style=\"width: 100%;\"><\/td>\n<\/tr>\n<tr>\n<td style=\"width: 100%;\">Atentamente,<\/td>\n<\/tr>\n<tr>\n<td style=\"width: 100%;\"><b>Doctor Jos\u00e9 Alexander Moreno C\u00f3rdoba<br \/>\nGerente General<br \/>\nESE Hospital del Rosario<\/b><\/td>\n<\/tr>\n<\/tbody>\n<\/table>\n<\/div><\/div><style type=\"text\/css\">.fusion-body .fusion-builder-column-2{width:100% !important;margin-top : 0px;margin-bottom : 0px;}.fusion-builder-column-2 > .fusion-column-wrapper {padding-top : 0px !important;padding-right : 0px !important;margin-right : 1.92%;padding-bottom : 0px !important;padding-left : 0px !important;margin-left : 1.92%;}@media only screen and (max-width:1024px) {.fusion-body .fusion-builder-column-2{width:100% !important;}.fusion-builder-column-2 > .fusion-column-wrapper {margin-right : 1.92%;margin-left : 1.92%;}}@media only screen and (max-width:640px) {.fusion-body .fusion-builder-column-2{width:100% !important;}.fusion-builder-column-2 > .fusion-column-wrapper {margin-right : 1.92%;margin-left : 1.92%;}}<\/style><\/div><div class=\"fusion-layout-column fusion_builder_column fusion-builder-column-3 fusion_builder_column_1_1 1_1 fusion-flex-column\"><div class=\"fusion-column-wrapper fusion-flex-justify-content-flex-start fusion-content-layout-column\" style=\"background-position:left top;background-repeat:no-repeat;-webkit-background-size:cover;-moz-background-size:cover;-o-background-size:cover;background-size:cover;padding: 0px 0px 0px 0px;\"><div class=\"fusion-separator fusion-full-width-sep\" style=\"align-self: center;margin-left: auto;margin-right: auto;margin-top:30px;width:100%;\"><div class=\"fusion-separator-border sep-single\" style=\"border-color:#008c4e;border-top-width:2px;\"><\/div><\/div><div class=\"fusion-text fusion-text-2\"><p><span style=\"font-size: 14pt;\"><strong>Acta de Posesi\u00f3n No. 013 &#8211; <a href=\"https:\/\/www.hospitaldelrosario.gov.co\/portal\/wp-content\/uploads\/2024\/04\/ACTA-DE-POSESION.pdf\" target=\"_blank\" rel=\"noopener\">Ver \/ Descargar<\/a><\/strong><\/span><\/p>\n<\/div><div class=\"fusion-separator fusion-full-width-sep\" style=\"align-self: center;margin-left: auto;margin-right: auto;width:100%;\"><div class=\"fusion-separator-border sep-single\" style=\"border-color:#008c4e;border-top-width:2px;\"><\/div><\/div><div class=\"fusion-text fusion-text-3\"><p><span style=\"font-size: 18.6667px;\"><b>Hoja de Vida SIGEP &#8211; <a href=\"https:\/\/www.hospitaldelrosario.gov.co\/portal\/wp-content\/uploads\/2024\/09\/HOJA-DE-VIDA-SIGEP-JAMC.pdf\" target=\"_blank\" rel=\"noopener\">Ver \/ Descargar<\/a><\/b><\/span><\/p>\n<\/div><div class=\"fusion-separator fusion-full-width-sep\" style=\"align-self: center;margin-left: auto;margin-right: auto;width:100%;\"><div class=\"fusion-separator-border sep-single\" style=\"border-color:#008c4e;border-top-width:2px;\"><\/div><\/div><\/div><style type=\"text\/css\">.fusion-body .fusion-builder-column-3{width:100% !important;margin-top : 0px;margin-bottom : 0px;}.fusion-builder-column-3 > .fusion-column-wrapper {padding-top : 0px !important;padding-right : 0px !important;margin-right : 1.92%;padding-bottom : 0px !important;padding-left : 0px !important;margin-left : 1.92%;}@media only screen and (max-width:1024px) {.fusion-body .fusion-builder-column-3{width:100% !important;}.fusion-builder-column-3 > .fusion-column-wrapper {margin-right : 1.92%;margin-left : 1.92%;}}@media only screen and (max-width:640px) {.fusion-body .fusion-builder-column-3{width:100% !important;}.fusion-builder-column-3 > .fusion-column-wrapper {margin-right : 1.92%;margin-left : 1.92%;}}<\/style><\/div><\/div><style type=\"text\/css\">.fusion-body .fusion-flex-container.fusion-builder-row-1{ padding-top : 0px;margin-top : 0px;padding-right : 0px;padding-bottom : 0px;margin-bottom : 0px;padding-left : 0px;}<\/style><\/div><div class=\"fusion-fullwidth fullwidth-box fusion-builder-row-2 fusion-flex-container nonhundred-percent-fullwidth non-hundred-percent-height-scrolling\" style=\"background-color: rgba(255,255,255,0);background-position: center center;background-repeat: no-repeat;border-width: 0px 0px 0px 0px;border-color:#eae9e9;border-style:solid;\" ><div class=\"fusion-builder-row fusion-row fusion-flex-align-items-flex-start\" style=\"max-width:1289.6px;margin-left: calc(-4% \/ 2 );margin-right: calc(-4% \/ 2 );\"><div class=\"fusion-layout-column fusion_builder_column fusion-builder-column-4 fusion_builder_column_1_1 1_1 fusion-flex-column\"><div class=\"fusion-column-wrapper fusion-flex-justify-content-flex-start fusion-content-layout-column\" style=\"background-position:left top;background-repeat:no-repeat;-webkit-background-size:cover;-moz-background-size:cover;-o-background-size:cover;background-size:cover;padding: 0px 0px 0px 0px;\"><div class=\"fusion-separator fusion-full-width-sep\" style=\"align-self: center;margin-left: auto;margin-right: auto;margin-top:35px;margin-bottom:5px;width:100%;\"><div class=\"fusion-separator-border sep-single\" style=\"border-color:#eae8e8;border-top-width:2px;\"><\/div><\/div><center><iframe width=\"830\" height=\"840\" frameborder=\"0\" src=\"http:\/\/www.hospitaldelrosario.gov.co\/portal\/wp-content\/uploads\/2017\/archivos\/Decreto_Nombramiento_Gerente_2016.pdf\" scrolling=\"yes\"><\/iframe><\/center><\/div><style type=\"text\/css\">.fusion-body .fusion-builder-column-4{width:100% !important;margin-top : 0px;margin-bottom : 0px;}.fusion-builder-column-4 > .fusion-column-wrapper {padding-top : 0px !important;padding-right : 0px !important;margin-right : 1.92%;padding-bottom : 0px !important;padding-left : 0px !important;margin-left : 1.92%;}@media only screen and (max-width:1024px) {.fusion-body .fusion-builder-column-4{width:100% !important;}.fusion-builder-column-4 > .fusion-column-wrapper {margin-right : 1.92%;margin-left : 1.92%;}}@media only screen and (max-width:640px) {.fusion-body .fusion-builder-column-4{width:100% !important;}.fusion-builder-column-4 > .fusion-column-wrapper {margin-right : 1.92%;margin-left : 1.92%;}}<\/style><\/div><\/div><style type=\"text\/css\">.fusion-body .fusion-flex-container.fusion-builder-row-2{ padding-top : 0px;margin-top : 0px;padding-right : 0px;padding-bottom : 0px;margin-bottom : 0px;padding-left : 0px;}<\/style><\/div><\/p>\n","protected":false},"excerpt":{"rendered":"","protected":false},"author":1,"featured_media":0,"parent":1569,"menu_order":21,"comment_status":"closed","ping_status":"closed","template":"","meta":{"_lmt_disableupdate":"no","_lmt_disable":"no","_links_to":"","_links_to_target":""},"aioseo_notices":[],"_links":{"self":[{"href":"https:\/\/www.hospitaldelrosario.gov.co\/portal\/wp-json\/wp\/v2\/pages\/2116"}],"collection":[{"href":"https:\/\/www.hospitaldelrosario.gov.co\/portal\/wp-json\/wp\/v2\/pages"}],"about":[{"href":"https:\/\/www.hospitaldelrosario.gov.co\/portal\/wp-json\/wp\/v2\/types\/page"}],"author":[{"embeddable":true,"href":"https:\/\/www.hospitaldelrosario.gov.co\/portal\/wp-json\/wp\/v2\/users\/1"}],"replies":[{"embeddable":true,"href":"https:\/\/www.hospitaldelrosario.gov.co\/portal\/wp-json\/wp\/v2\/comments?post=2116"}],"version-history":[{"count":67,"href":"https:\/\/www.hospitaldelrosario.gov.co\/portal\/wp-json\/wp\/v2\/pages\/2116\/revisions"}],"predecessor-version":[{"id":8916,"href":"https:\/\/www.hospitaldelrosario.gov.co\/portal\/wp-json\/wp\/v2\/pages\/2116\/revisions\/8916"}],"up":[{"embeddable":true,"href":"https:\/\/www.hospitaldelrosario.gov.co\/portal\/wp-json\/wp\/v2\/pages\/1569"}],"wp:attachment":[{"href":"https:\/\/www.hospitaldelrosario.gov.co\/portal\/wp-json\/wp\/v2\/media?parent=2116"}],"curies":[{"name":"wp","href":"https:\/\/api.w.org\/{rel}","templated":true}]}}